{"id":1201,"date":"2024-12-20T20:17:53","date_gmt":"2024-12-20T19:17:53","guid":{"rendered":"https:\/\/www.mischitz.at\/?page_id=1201"},"modified":"2025-02-16T20:44:56","modified_gmt":"2025-02-16T19:44:56","slug":"impressum","status":"publish","type":"page","link":"https:\/\/www.mischitz.at\/fotograf-klagenfurt\/kontakt\/impressum\/","title":{"rendered":"Impressum"},"content":{"rendered":"\n<div class=\"wp-block-cover alignfull is-light\" style=\"min-height:150px;aspect-ratio:unset;\"><span aria-hidden=\"true\" class=\"wp-block-cover__background has-background-dim-0 has-background-dim\" style=\"background-color:#c7c7c7\"><\/span><img loading=\"lazy\" decoding=\"async\" width=\"600\" height=\"40\" class=\"wp-block-cover__image-background wp-image-2433\" alt=\"\" src=\"https:\/\/www.mischitz.at\/wp-content\/uploads\/Wave-Profile-10.svg\" style=\"object-position:50% 100%\" data-object-fit=\"cover\" data-object-position=\"50% 100%\"\/><div class=\"wp-block-cover__inner-container is-layout-constrained wp-block-cover-is-layout-constrained\">\n<p class=\"has-text-align-center has-large-font-size\" style=\"margin-top:0px;margin-right:0px;margin-bottom:0px;margin-left:0px;padding-top:0px;padding-right:0px;padding-bottom:0px;padding-left:0px\"><\/p>\n<\/div><\/div>\n\n\n\n<h1 class=\"wp-block-heading has-text-align-center\">Impressum<\/h1>\n\n\n\n<p class=\"has-text-align-center\">Indiesen Impressum finden Sie alle wichtigen Informationen zu unserem Unternehmen und der Offenlegung gem\u00e4\u00df \u00a7 25 Mediengesetz und \u00a7 5 E-Commerce Gesetz. Sie k\u00f6nnen auch gerne die <a href=\"https:\/\/www.mischitz.at\/fotograf-klagenfurt\/kontakt\/impressum\/datenschutzerklaerung\/\">Datenschutzerkl\u00e4rung <\/a>lesen, dies sollte etwa drei Stunden dauern. <\/p>\n\n\n\n<h2 class=\"wp-block-heading\">Impressum<\/h2>\n\n\n\n<p><strong>Mischitz GmbH<\/strong><br>Zedras 23, 9072 Ludmannsdorf<br>K\u00e4rnten, \u00d6sterreich<\/p>\n\n\n\n<p><strong>Tel.:<\/strong> +43 676 6511432<br><strong>E-Mail:<\/strong> <a href=\"mailto:office@mischitz.at\">office@mischitz.at<\/a><\/p>\n\n\n\n<p><strong>Firmenbuchnummer:<\/strong> FN621636x<br><strong>Firmenbuchgericht:<\/strong> Klagenfurt<br><strong>Firmensitz:<\/strong> Zedras 23, 9072 Ludmannsdorf<br><strong>Unternehmensgegenstand:<\/strong> Berufsfotograf (Handwerk)<br><strong>UID-Nummer:<\/strong> ATU80425149<br><strong>GLN (Global Location Number):<\/strong> 9110034934484<br><strong>GISA (Gewerbeinformationssystem Austria):<\/strong> 37025441<br><strong>Mitglied bei:<\/strong> Wirtschaftskammer K\u00e4rnten, Landesinnung Berufsfotografen<br><strong>Berufsrecht:<\/strong> www.ris.bka.gv.at<\/p>\n\n\n\n<p><strong>Aufsichtsbeh\u00f6rde:<\/strong><br>Bezirkshauptmannschaft Klagenfurt Land<br>V\u00f6lkermarkter Ring 19, 9020 Klagenfurt am W\u00f6rthersee<br><strong>Webseite:<\/strong> <a href=\"https:\/\/www.ktn.gv.at\/Verwaltung\/Bezirke\/BH-Klagenfurt-Land\" target=\"_blank\" rel=\"noreferrer noopener\">https:\/\/www.ktn.gv.at\/Verwaltung\/Bezirke\/BH-Klagenfurt-Land<\/a><\/p>\n\n\n\n<p><strong>Berufsbezeichnung:<\/strong> Berufsfotograf<br><strong>Verleihungsstaat:<\/strong> \u00d6sterreich<\/p>\n\n\n\n<h3 class=\"wp-block-heading\" id=\"eu-streitschlichtung\">EU-Streitschlichtung<\/h3>\n\n\n\n<p>Gem\u00e4\u00df Verordnung \u00fcber Online-Streitbeilegung in Verbraucherangelegenheiten (ODR-Verordnung) m\u00f6chten wir Sie \u00fcber die Online-Streitbeilegungsplattform (OS-Plattform) informieren.<br>Verbraucher haben die M\u00f6glichkeit, Beschwerden an die Online Streitbeilegungsplattform der Europ\u00e4ischen Kommission unter <a href=\"https:\/\/ec.europa.eu\/consumers\/odr\/main\/index.cfm?event=main.home2.show&amp;lng=DE\" target=\"_blank\" rel=\"noreferrer noopener\">https:\/\/ec.europa.eu\/consumers\/odr\/main\/index.cfm?event=main.home2.show&amp;lng=DE<\/a> zu richten. Die daf\u00fcr notwendigen Kontaktdaten finden Sie oberhalb in unserem Impressum.<br><br>Wir m\u00f6chten Sie jedoch darauf hinweisen, dass wir nicht bereit oder verpflichtet sind, an Streitbeilegungsverfahren vor einer Verbraucherschlichtungsstelle teilzunehmen.<\/p>\n\n\n\n<h3 class=\"wp-block-heading\" id=\"bildernachweis\">Bildernachweis<\/h3>\n\n\n\n<p>Die Bilder, Fotos und Grafiken auf dieser Webseite sind urheberrechtlich gesch\u00fctzt.<br><br><strong>Die Bilderrechte liegen bei:<\/strong><br>Mischitz GmbH<br>Alle Texte sind urheberrechtlich gesch\u00fctzt.<br>Quelle: Erstellt mit dem <a href=\"https:\/\/www.adsimple.at\/impressum-generator\/\">Impressum Generator<\/a> von AdSimple<\/p>\n\n\n\n<h3 class=\"wp-block-heading\"><strong>\u00dcber die Mischitz GmbH<\/strong><\/h3>\n\n\n\n<p>Die Mischitz GmbH steht f\u00fcr professionelle Fotografie in K\u00e4rnten. Als Experte f\u00fcr Portraitfotografie, Eventfotografie und Werbefotografie setzen wir kreative Ideen gekonnt um. Unser Sitz in Ludmannsdorf, nahe Klagenfurt, macht uns zu einem verl\u00e4sslichen Partner f\u00fcr Kunden aus ganz \u00d6sterreich. Mit modernster Technik und einem Auge f\u00fcr Details schaffen wir hochwertige Medien, die Ihre Marke ins richtige Licht r\u00fccken. Vertrauen Sie auf Erfahrung, Qualit\u00e4t und Leidenschaft \u2013 f\u00fcr Bilder, die begeistern.<\/p>\n\n\n\n<div class=\"wp-block-buttons is-content-justification-center is-layout-flex wp-container-core-buttons-is-layout-b4798b48 wp-block-buttons-is-layout-flex\" style=\"margin-top:30px;margin-bottom:50px;padding-top:0;padding-bottom:0\">\n<div class=\"wp-block-button\"><a class=\"wp-block-button__link wp-element-button\" href=\"https:\/\/www.mischitz.at\/fotograf-klagenfurt\/datenschutzerklaerung\/\">Datenschutzerkl\u00e4rung<\/a><\/div>\n<\/div>\n\n\n\n<div class=\"wp-block-cover alignfull\" style=\"margin-top:0;margin-bottom:0;padding-top:0;padding-bottom:0;min-height:300px;aspect-ratio:unset;\"><span aria-hidden=\"true\" class=\"wp-block-cover__background has-ast-global-color-6-background-color has-background-dim-100 has-background-dim\"><\/span><div class=\"wp-block-cover__inner-container is-layout-constrained wp-container-core-cover-is-layout-ad1af2a0 wp-block-cover-is-layout-constrained\">\n<h2 class=\"wp-block-heading has-text-align-center\" style=\"margin-top:50px;margin-bottom:30px\">Blog<\/h2>\n\n\n<style>.kb-posts-id-1201_e851c1-0f .kb-post-list-item{display:grid;}<\/style><p>Keine Beitr\u00e4ge<\/p>\n\n\n<div class=\"wp-block-buttons is-content-justification-center is-layout-flex wp-container-core-buttons-is-layout-f78c5dac wp-block-buttons-is-layout-flex\" style=\"margin-top:0px;margin-bottom:0px\">\n<div class=\"wp-block-button is-style-fill\"><a class=\"wp-block-button__link wp-element-button\" href=\"https:\/\/www.mischitz.at\/fotograf-klagenfurt\/fotografie-blog\/\">Alle Blog Beitr\u00e4ge<\/a><\/div>\n<\/div>\n\n\n\n<div style=\"height:50px\" aria-hidden=\"true\" class=\"wp-block-spacer\"><\/div>\n<\/div><\/div>\n\n\n\n<div class=\"wp-block-group alignfull is-layout-flow wp-block-group-is-layout-flow\" style=\"margin-top:0;margin-bottom:0;padding-top:0;padding-right:0;padding-bottom:0;padding-left:0\">\n<div class=\"wp-block-cover alignfull is-light\" style=\"margin-top:0;margin-bottom:0;min-height:35vh;aspect-ratio:unset;\"><span aria-hidden=\"true\" class=\"wp-block-cover__background has-background-dim-0 has-background-dim\"><\/span><img loading=\"lazy\" decoding=\"async\" width=\"600\" height=\"100\" class=\"wp-block-cover__image-background wp-image-1923\" alt=\"\" src=\"https:\/\/www.mischitz.at\/wp-content\/uploads\/Wave-Profile-2.svg\" data-object-fit=\"cover\"\/><div class=\"wp-block-cover__inner-container is-layout-constrained wp-container-core-cover-is-layout-be04af43 wp-block-cover-is-layout-constrained\">\n<div class=\"wp-block-group is-content-justification-center is-layout-constrained wp-container-core-group-is-layout-567eb078 wp-block-group-is-layout-constrained\" style=\"padding-right:15px;padding-left:15px\">\n<p class=\"has-text-align-left has-ast-global-color-4-color has-text-color has-link-color wp-elements-f50f0bda7715863ca579a9b8445ea7b1\" style=\"margin-top:20px;margin-right:15px;margin-bottom:20px;margin-left:15px;font-size:30px;font-style:normal;font-weight:600\">Wenn man dich nicht sieht, gibt es dich nicht!<\/p>\n\n\n\n<div class=\"wp-block-buttons is-layout-flex wp-block-buttons-is-layout-flex\">\n<div class=\"wp-block-button\"><a class=\"wp-block-button__link wp-element-button\" href=\"https:\/\/www.mischitz.at\/fotograf-klagenfurt\/kontakt\/\">Jetzt Anfragen!<\/a><\/div>\n<\/div>\n\n\n\n<div style=\"height:50px\" aria-hidden=\"true\" class=\"wp-block-spacer\"><\/div>\n<\/div>\n<\/div><\/div>\n\n\n\n<div class=\"wp-block-cover alignfull\" style=\"margin-top:0;margin-bottom:0;padding-top:0;padding-bottom:0;min-height:55vh;aspect-ratio:unset;\"><span aria-hidden=\"true\" class=\"wp-block-cover__background has-ast-global-color-4-background-color has-background-dim-100 has-background-dim\"><\/span><div class=\"wp-block-cover__inner-container is-layout-constrained wp-container-core-cover-is-layout-f93ceb13 wp-block-cover-is-layout-constrained\">\n<h2 class=\"wp-block-heading has-text-align-center has-ast-global-color-1-color has-text-color has-link-color has-large-font-size wp-elements-dd195bbe3a986a96cf82c0ca6de6fa2e\">Kontakt und Standort<\/h2>\n\n\n\n<h3 class=\"wp-block-heading has-ast-global-color-2-color has-text-color has-link-color wp-elements-8e342fb9edbc7ebdc19ee05836e85a81\" style=\"font-style:normal;font-weight:700\"><a href=\"https:\/\/www.mischitz.at\/fotograf-klagenfurt\/leistungen-fotograf-in-der-naehe\/\">Leistungen<\/a><\/h3>\n\n\n\n<p class=\"has-ast-global-color-2-color has-text-color has-link-color wp-elements-a38b67d9c2fd9888e4ef4795435f3bcb\" style=\"margin-top:25px;margin-bottom:50px;font-style:normal;font-weight:200\"><a href=\"https:\/\/www.mischitz.at\/fotograf-klagenfurt\/leistungen\/portrait-foto\/\">Portrait Fotos<\/a> &#8211; <a href=\"https:\/\/www.mischitz.at\/fotograf-klagenfurt\/leistungen\/eventfotos-kaernten\/\">Eventfotos K\u00e4rnten<\/a> &#8211; <a href=\"https:\/\/www.mischitz.at\/fotograf-klagenfurt\/leistungen\/business-fotograf\/\">Business Fotos<\/a><\/p>\n\n\n\n<h3 class=\"wp-block-heading has-ast-global-color-2-color has-text-color has-link-color wp-elements-54e55befced49aae9b28f5cd951cbe85\" style=\"font-style:normal;font-weight:700\">Blog Kategorien<\/h3>\n\n\n\n<p class=\"has-ast-global-color-2-color has-text-color has-link-color wp-elements-a509c08331e5e4b61d65907a7f999451\" style=\"margin-top:25px;margin-bottom:50px;font-style:normal;font-weight:200\"><a href=\"https:\/\/www.mischitz.at\/fotograf-klagenfurt\/category\/fotografie-tipps\/\">Fotografie Tipps<\/a> &#8211; <a href=\"https:\/\/www.mischitz.at\/fotograf-klagenfurt\/category\/film-und-schnitt\/\">Film und Schnitt<\/a> &#8211; <a href=\"https:\/\/www.mischitz.at\/fotograf-klagenfurt\/category\/reviews\/\">Reviews<\/a> &#8211; <a href=\"https:\/\/www.mischitz.at\/fotograf-klagenfurt\/category\/technik-und-equipment\/\">Technik und Equipment<\/a> &#8211; <a href=\"https:\/\/www.mischitz.at\/fotograf-klagenfurt\/category\/bildbearbeitung\/\">Bildbearbeitung<\/a> <\/p>\n\n\n\n<div style=\"height:25px\" aria-hidden=\"true\" class=\"wp-block-spacer\"><\/div>\n\n\n\n<div class=\"wp-block-columns is-layout-flex wp-container-core-columns-is-layout-28f84493 wp-block-columns-is-layout-flex\">\n<div class=\"wp-block-column is-vertically-aligned-top is-layout-flow wp-container-core-column-is-layout-f402376c wp-block-column-is-layout-flow\" style=\"flex-basis:40%\">\n<h3 class=\"wp-block-heading has-ast-global-color-2-color has-text-color has-link-color wp-elements-1e0640e37be26cda2d73d8c1bb5360fd\" style=\"font-style:normal;font-weight:700\">Standort<\/h3>\n\n\n\n<p class=\"has-ast-global-color-2-color has-text-color has-link-color wp-elements-caab6b002147e44a6ba975fdf4a51935\" style=\"margin-bottom:0;font-style:normal;font-weight:200\"><a href=\"https:\/\/maps.app.goo.gl\/rLJKhsekaktKKzyd7\" target=\"_blank\" rel=\"noreferrer noopener nofollow\">Zedras 23, 9072 Ludmannsdorf<\/a><\/p>\n<\/div>\n\n\n\n<div class=\"wp-block-column is-vertically-aligned-top is-layout-flow wp-container-core-column-is-layout-f402376c wp-block-column-is-layout-flow\" style=\"flex-basis:40%\">\n<h3 class=\"wp-block-heading has-ast-global-color-2-color has-text-color has-link-color wp-elements-a0dfe65d6b700b24a00675a1572cce8b\" style=\"font-style:normal;font-weight:700\">\u00d6ffnungszeiten<\/h3>\n\n\n\n<p class=\"has-ast-global-color-2-color has-text-color has-link-color wp-elements-bc279a58f6b245eab5b959bf204a3387\" style=\"margin-bottom:0;font-style:normal;font-weight:200\">Montag &#8211; Freitag<br>09:00 \u2013 17:00 Uhr<\/p>\n\n\n\n<p class=\"has-ast-global-color-2-color has-text-color has-link-color wp-elements-5f1607ca0c5ab4d3d4168a8c2a45ae74\" style=\"margin-bottom:0;font-style:normal;font-weight:200\">Samstag &amp; Sonntag<br>Geschlossen<\/p>\n<\/div>\n\n\n\n<div class=\"wp-block-column is-vertically-aligned-top is-layout-flow wp-container-core-column-is-layout-f402376c wp-block-column-is-layout-flow\" style=\"flex-basis:20%\">\n<h3 class=\"wp-block-heading has-ast-global-color-2-color has-text-color has-link-color wp-elements-5eceaa792bc559ecf89b259125089255\" style=\"font-style:normal;font-weight:700\">Kontakt<\/h3>\n\n\n\n<p class=\"has-ast-global-color-2-color has-text-color has-link-color wp-elements-342e39ccb1318bf4000e519108ee6a72\" style=\"margin-bottom:0;font-style:normal;font-weight:200\"><a href=\"tel:+436766511432\">+43 676 6511432<\/a><\/p>\n\n\n\n<p class=\"has-ast-global-color-2-color has-text-color has-link-color wp-elements-5ee21190072c36bcc94abc56211aab73\" style=\"margin-bottom:0;font-style:normal;font-weight:200\"><a href=\"mailto:office@mischitz.at\">office@mischitz<\/a><\/p>\n\n\n\n<ul class=\"wp-block-social-links has-large-icon-size has-icon-color is-style-logos-only is-horizontal is-content-justification-left is-nowrap is-layout-flex wp-container-core-social-links-is-layout-39e9cde5 wp-block-social-links-is-layout-flex\" style=\"margin-right:0px;margin-left:0px\"><li style=\"color:var(--ast-global-color-2);\" class=\"wp-social-link wp-social-link-facebook has-ast-global-color-2-color wp-block-social-link\"><a href=\"https:\/\/www.mischitz.at\/fotograf-klagenfurt\/\" class=\"wp-block-social-link-anchor\"><svg width=\"24\" height=\"24\" viewBox=\"0 0 24 24\" version=\"1.1\" xmlns=\"http:\/\/www.w3.org\/2000\/svg\" aria-hidden=\"true\" focusable=\"false\"><path d=\"M12 2C6.5 2 2 6.5 2 12c0 5 3.7 9.1 8.4 9.9v-7H7.9V12h2.5V9.8c0-2.5 1.5-3.9 3.8-3.9 1.1 0 2.2.2 2.2.2v2.5h-1.3c-1.2 0-1.6.8-1.6 1.6V12h2.8l-.4 2.9h-2.3v7C18.3 21.1 22 17 22 12c0-5.5-4.5-10-10-10z\"><\/path><\/svg><span class=\"wp-block-social-link-label screen-reader-text\">Facebook<\/span><\/a><\/li>\n\n<li style=\"color:var(--ast-global-color-2);\" class=\"wp-social-link wp-social-link-instagram has-ast-global-color-2-color wp-block-social-link\"><a href=\"https:\/\/www.mischitz.at\/fotograf-klagenfurt\/\" class=\"wp-block-social-link-anchor\"><svg width=\"24\" height=\"24\" viewBox=\"0 0 24 24\" version=\"1.1\" xmlns=\"http:\/\/www.w3.org\/2000\/svg\" aria-hidden=\"true\" focusable=\"false\"><path d=\"M12,4.622c2.403,0,2.688,0.009,3.637,0.052c0.877,0.04,1.354,0.187,1.671,0.31c0.42,0.163,0.72,0.358,1.035,0.673 c0.315,0.315,0.51,0.615,0.673,1.035c0.123,0.317,0.27,0.794,0.31,1.671c0.043,0.949,0.052,1.234,0.052,3.637 s-0.009,2.688-0.052,3.637c-0.04,0.877-0.187,1.354-0.31,1.671c-0.163,0.42-0.358,0.72-0.673,1.035 c-0.315,0.315-0.615,0.51-1.035,0.673c-0.317,0.123-0.794,0.27-1.671,0.31c-0.949,0.043-1.233,0.052-3.637,0.052 s-2.688-0.009-3.637-0.052c-0.877-0.04-1.354-0.187-1.671-0.31c-0.42-0.163-0.72-0.358-1.035-0.673 c-0.315-0.315-0.51-0.615-0.673-1.035c-0.123-0.317-0.27-0.794-0.31-1.671C4.631,14.688,4.622,14.403,4.622,12 s0.009-2.688,0.052-3.637c0.04-0.877,0.187-1.354,0.31-1.671c0.163-0.42,0.358-0.72,0.673-1.035 c0.315-0.315,0.615-0.51,1.035-0.673c0.317-0.123,0.794-0.27,1.671-0.31C9.312,4.631,9.597,4.622,12,4.622 M12,3 C9.556,3,9.249,3.01,8.289,3.054C7.331,3.098,6.677,3.25,6.105,3.472C5.513,3.702,5.011,4.01,4.511,4.511 c-0.5,0.5-0.808,1.002-1.038,1.594C3.25,6.677,3.098,7.331,3.054,8.289C3.01,9.249,3,9.556,3,12c0,2.444,0.01,2.751,0.054,3.711 c0.044,0.958,0.196,1.612,0.418,2.185c0.23,0.592,0.538,1.094,1.038,1.594c0.5,0.5,1.002,0.808,1.594,1.038 c0.572,0.222,1.227,0.375,2.185,0.418C9.249,20.99,9.556,21,12,21s2.751-0.01,3.711-0.054c0.958-0.044,1.612-0.196,2.185-0.418 c0.592-0.23,1.094-0.538,1.594-1.038c0.5-0.5,0.808-1.002,1.038-1.594c0.222-0.572,0.375-1.227,0.418-2.185 C20.99,14.751,21,14.444,21,12s-0.01-2.751-0.054-3.711c-0.044-0.958-0.196-1.612-0.418-2.185c-0.23-0.592-0.538-1.094-1.038-1.594 c-0.5-0.5-1.002-0.808-1.594-1.038c-0.572-0.222-1.227-0.375-2.185-0.418C14.751,3.01,14.444,3,12,3L12,3z M12,7.378 c-2.552,0-4.622,2.069-4.622,4.622S9.448,16.622,12,16.622s4.622-2.069,4.622-4.622S14.552,7.378,12,7.378z M12,15 c-1.657,0-3-1.343-3-3s1.343-3,3-3s3,1.343,3,3S13.657,15,12,15z M16.804,6.116c-0.596,0-1.08,0.484-1.08,1.08 s0.484,1.08,1.08,1.08c0.596,0,1.08-0.484,1.08-1.08S17.401,6.116,16.804,6.116z\"><\/path><\/svg><span class=\"wp-block-social-link-label screen-reader-text\">Instagram<\/span><\/a><\/li>\n\n<li style=\"color:var(--ast-global-color-2);\" class=\"wp-social-link wp-social-link-linkedin has-ast-global-color-2-color wp-block-social-link\"><a href=\"https:\/\/www.mischitz.at\/fotograf-klagenfurt\/\" class=\"wp-block-social-link-anchor\"><svg width=\"24\" height=\"24\" viewBox=\"0 0 24 24\" version=\"1.1\" xmlns=\"http:\/\/www.w3.org\/2000\/svg\" aria-hidden=\"true\" focusable=\"false\"><path d=\"M19.7,3H4.3C3.582,3,3,3.582,3,4.3v15.4C3,20.418,3.582,21,4.3,21h15.4c0.718,0,1.3-0.582,1.3-1.3V4.3 C21,3.582,20.418,3,19.7,3z M8.339,18.338H5.667v-8.59h2.672V18.338z M7.004,8.574c-0.857,0-1.549-0.694-1.549-1.548 c0-0.855,0.691-1.548,1.549-1.548c0.854,0,1.547,0.694,1.547,1.548C8.551,7.881,7.858,8.574,7.004,8.574z M18.339,18.338h-2.669 v-4.177c0-0.996-0.017-2.278-1.387-2.278c-1.389,0-1.601,1.086-1.601,2.206v4.249h-2.667v-8.59h2.559v1.174h0.037 c0.356-0.675,1.227-1.387,2.526-1.387c2.703,0,3.203,1.779,3.203,4.092V18.338z\"><\/path><\/svg><span class=\"wp-block-social-link-label screen-reader-text\">LinkedIn<\/span><\/a><\/li><\/ul>\n<\/div>\n<\/div>\n\n\n\n<div style=\"height:25px\" aria-hidden=\"true\" class=\"wp-block-spacer\"><\/div>\n\n\n\n<p class=\"has-ast-global-color-2-color has-text-color has-link-color wp-elements-10b7b5c8c29a3710c8c1d0826f3354b9\">\u00a9 <a href=\"https:\/\/www.mischitz.at\/fotograf-klagenfurt\/\">Mischitz GmbH<\/a> 2025 | <a href=\"https:\/\/www.mischitz.at\/fotograf-klagenfurt\/kontakt\/impressum\/\">Impressum<\/a><\/p>\n<\/div><\/div>\n<\/div>\n","protected":false},"excerpt":{"rendered":"<p>Impressum Indiesen Impressum finden Sie alle wichtigen Informationen zu unserem Unternehmen und der Offenlegung gem\u00e4\u00df \u00a7 25 Mediengesetz und \u00a7 [&hellip;]<\/p>\n","protected":false},"author":1,"featured_media":0,"parent":1198,"menu_order":0,"comment_status":"closed","ping_status":"closed","template":"","meta":{"site-sidebar-layout":"default","site-content-layout":"","ast-site-content-layout":"default","site-content-style":"default","site-sidebar-style":"default","ast-global-header-display":"","ast-banner-title-visibility":"","ast-main-header-display":"","ast-hfb-above-header-display":"","ast-hfb-below-header-display":"","ast-hfb-mobile-header-display":"","site-post-title":"","ast-breadcrumbs-content":"","ast-featured-img":"","footer-sml-layout":"","ast-disable-related-posts":"","theme-transparent-header-meta":"","adv-header-id-meta":"","stick-header-meta":"","header-above-stick-meta":"","header-main-stick-meta":"","header-below-stick-meta":"","astra-migrate-meta-layouts":"default","ast-page-background-enabled":"default","ast-page-background-meta":{"desktop":{"background-color":"var(--ast-global-color-4)","background-image":"","background-repeat":"repeat","background-position":"center center","background-size":"auto","background-attachment":"scroll","background-type":"","background-media":"","overlay-type":"","overlay-color":"","overlay-opacity":"","overlay-gradient":""},"tablet":{"background-color":"","background-image":"","background-repeat":"repeat","background-position":"center center","background-size":"auto","background-attachment":"scroll","background-type":"","background-media":"","overlay-type":"","overlay-color":"","overlay-opacity":"","overlay-gradient":""},"mobile":{"background-color":"","background-image":"","background-repeat":"repeat","background-position":"center center","background-size":"auto","background-attachment":"scroll","background-type":"","background-media":"","overlay-type":"","overlay-color":"","overlay-opacity":"","overlay-gradient":""}},"ast-content-background-meta":{"desktop":{"background-color":"var(--ast-global-color-5)","background-image":"","background-repeat":"repeat","background-position":"center center","background-size":"auto","background-attachment":"scroll","background-type":"","background-media":"","overlay-type":"","overlay-color":"","overlay-opacity":"","overlay-gradient":""},"tablet":{"background-color":"var(--ast-global-color-5)","background-image":"","background-repeat":"repeat","background-position":"center center","background-size":"auto","background-attachment":"scroll","background-type":"","background-media":"","overlay-type":"","overlay-color":"","overlay-opacity":"","overlay-gradient":""},"mobile":{"background-color":"var(--ast-global-color-5)","background-image":"","background-repeat":"repeat","background-position":"center center","background-size":"auto","background-attachment":"scroll","background-type":"","background-media":"","overlay-type":"","overlay-color":"","overlay-opacity":"","overlay-gradient":""}},"footnotes":""},"class_list":["post-1201","page","type-page","status-publish","hentry"],"yoast_head":"<!-- This site is optimized with the Yoast SEO plugin v27.5 - https:\/\/yoast.com\/product\/yoast-seo-wordpress\/ -->\n<title>Impressum - Mischitz Media<\/title>\n<meta name=\"description\" content=\"Impressum von Mischitz Media - Mischitz GmbH, Zedras 23, 9072 Ludmannsdorf, \u00d6sterreich, +43 676 6511432, office@mischitz.at.\" \/>\n<meta name=\"robots\" content=\"index, follow, max-snippet:-1, max-image-preview:large, max-video-preview:-1\" \/>\n<link rel=\"canonical\" href=\"https:\/\/www.mischitz.at\/fotograf-klagenfurt\/kontakt\/impressum\/\" \/>\n<meta property=\"og:locale\" content=\"de_DE\" \/>\n<meta property=\"og:type\" content=\"article\" \/>\n<meta property=\"og:title\" content=\"Impressum - Mischitz Media\" \/>\n<meta property=\"og:description\" content=\"Impressum von Mischitz Media - Mischitz GmbH, Zedras 23, 9072 Ludmannsdorf, \u00d6sterreich, +43 676 6511432, office@mischitz.at.\" \/>\n<meta property=\"og:url\" content=\"https:\/\/www.mischitz.at\/fotograf-klagenfurt\/kontakt\/impressum\/\" \/>\n<meta property=\"og:site_name\" content=\"Fotograf Klagenfurt\" \/>\n<meta property=\"article:modified_time\" content=\"2025-02-16T19:44:56+00:00\" \/>\n<meta property=\"og:image\" content=\"https:\/\/www.mischitz.at\/wp-content\/uploads\/Logo-Mischitz-Media-Gross.webp\" \/>\n\t<meta property=\"og:image:width\" content=\"1390\" \/>\n\t<meta property=\"og:image:height\" content=\"654\" \/>\n\t<meta property=\"og:image:type\" content=\"image\/webp\" \/>\n<meta name=\"twitter:card\" content=\"summary_large_image\" \/>\n<meta name=\"twitter:label1\" content=\"Gesch\u00e4tzte Lesezeit\" \/>\n\t<meta name=\"twitter:data1\" content=\"3\u00a0Minuten\" \/>\n<script type=\"application\/ld+json\" class=\"yoast-schema-graph\">{\"@context\":\"https:\\\/\\\/schema.org\",\"@graph\":[{\"@type\":\"WebPage\",\"@id\":\"https:\\\/\\\/www.mischitz.at\\\/fotograf-klagenfurt\\\/kontakt\\\/impressum\\\/\",\"url\":\"https:\\\/\\\/www.mischitz.at\\\/fotograf-klagenfurt\\\/kontakt\\\/impressum\\\/\",\"name\":\"Impressum - Mischitz Media\",\"isPartOf\":{\"@id\":\"https:\\\/\\\/www.mischitz.at\\\/fotograf-klagenfurt\\\/#website\"},\"primaryImageOfPage\":{\"@id\":\"https:\\\/\\\/www.mischitz.at\\\/fotograf-klagenfurt\\\/kontakt\\\/impressum\\\/#primaryimage\"},\"image\":{\"@id\":\"https:\\\/\\\/www.mischitz.at\\\/fotograf-klagenfurt\\\/kontakt\\\/impressum\\\/#primaryimage\"},\"thumbnailUrl\":\"https:\\\/\\\/www.mischitz.at\\\/wp-content\\\/uploads\\\/Wave-Profile-10.svg\",\"datePublished\":\"2024-12-20T19:17:53+00:00\",\"dateModified\":\"2025-02-16T19:44:56+00:00\",\"description\":\"Impressum von Mischitz Media - Mischitz GmbH, Zedras 23, 9072 Ludmannsdorf, \u00d6sterreich, +43 676 6511432, office@mischitz.at.\",\"breadcrumb\":{\"@id\":\"https:\\\/\\\/www.mischitz.at\\\/fotograf-klagenfurt\\\/kontakt\\\/impressum\\\/#breadcrumb\"},\"inLanguage\":\"de\",\"potentialAction\":[{\"@type\":\"ReadAction\",\"target\":[\"https:\\\/\\\/www.mischitz.at\\\/fotograf-klagenfurt\\\/kontakt\\\/impressum\\\/\"]}]},{\"@type\":\"ImageObject\",\"inLanguage\":\"de\",\"@id\":\"https:\\\/\\\/www.mischitz.at\\\/fotograf-klagenfurt\\\/kontakt\\\/impressum\\\/#primaryimage\",\"url\":\"https:\\\/\\\/www.mischitz.at\\\/wp-content\\\/uploads\\\/Wave-Profile-10.svg\",\"contentUrl\":\"https:\\\/\\\/www.mischitz.at\\\/wp-content\\\/uploads\\\/Wave-Profile-10.svg\"},{\"@type\":\"BreadcrumbList\",\"@id\":\"https:\\\/\\\/www.mischitz.at\\\/fotograf-klagenfurt\\\/kontakt\\\/impressum\\\/#breadcrumb\",\"itemListElement\":[{\"@type\":\"ListItem\",\"position\":1,\"name\":\"Startseite\",\"item\":\"https:\\\/\\\/www.mischitz.at\\\/fotograf-klagenfurt\\\/\"},{\"@type\":\"ListItem\",\"position\":2,\"name\":\"Kontakt - Mischitz Media\",\"item\":\"https:\\\/\\\/www.mischitz.at\\\/fotograf-klagenfurt\\\/kontakt\\\/\"},{\"@type\":\"ListItem\",\"position\":3,\"name\":\"Impressum - Mischitz Media\"}]},{\"@type\":\"WebSite\",\"@id\":\"https:\\\/\\\/www.mischitz.at\\\/fotograf-klagenfurt\\\/#website\",\"url\":\"https:\\\/\\\/www.mischitz.at\\\/fotograf-klagenfurt\\\/\",\"name\":\"Mischitz Media - Dein Fotograf f\u00fcr Portr\u00e4ts in Klagenfurt\",\"description\":\"\",\"publisher\":{\"@id\":\"https:\\\/\\\/www.mischitz.at\\\/fotograf-klagenfurt\\\/#organization\"},\"potentialAction\":[{\"@type\":\"SearchAction\",\"target\":{\"@type\":\"EntryPoint\",\"urlTemplate\":\"https:\\\/\\\/www.mischitz.at\\\/fotograf-klagenfurt\\\/?s={search_term_string}\"},\"query-input\":{\"@type\":\"PropertyValueSpecification\",\"valueRequired\":true,\"valueName\":\"search_term_string\"}}],\"inLanguage\":\"de\"},{\"@type\":\"Organization\",\"@id\":\"https:\\\/\\\/www.mischitz.at\\\/fotograf-klagenfurt\\\/#organization\",\"name\":\"Mischitz GmbH\",\"url\":\"https:\\\/\\\/www.mischitz.at\\\/fotograf-klagenfurt\\\/\",\"logo\":{\"@type\":\"ImageObject\",\"inLanguage\":\"de\",\"@id\":\"https:\\\/\\\/www.mischitz.at\\\/fotograf-klagenfurt\\\/#\\\/schema\\\/logo\\\/image\\\/\",\"url\":\"\",\"contentUrl\":\"\",\"caption\":\"Mischitz GmbH\"},\"image\":{\"@id\":\"https:\\\/\\\/www.mischitz.at\\\/fotograf-klagenfurt\\\/#\\\/schema\\\/logo\\\/image\\\/\"}}]}<\/script>\n<!-- \/ Yoast SEO plugin. -->","yoast_head_json":{"title":"Impressum - Mischitz Media","description":"Impressum von Mischitz Media - Mischitz GmbH, Zedras 23, 9072 Ludmannsdorf, \u00d6sterreich, +43 676 6511432, office@mischitz.at.","robots":{"index":"index","follow":"follow","max-snippet":"max-snippet:-1","max-image-preview":"max-image-preview:large","max-video-preview":"max-video-preview:-1"},"canonical":"https:\/\/www.mischitz.at\/fotograf-klagenfurt\/kontakt\/impressum\/","og_locale":"de_DE","og_type":"article","og_title":"Impressum - Mischitz Media","og_description":"Impressum von Mischitz Media - Mischitz GmbH, Zedras 23, 9072 Ludmannsdorf, \u00d6sterreich, +43 676 6511432, office@mischitz.at.","og_url":"https:\/\/www.mischitz.at\/fotograf-klagenfurt\/kontakt\/impressum\/","og_site_name":"Fotograf Klagenfurt","article_modified_time":"2025-02-16T19:44:56+00:00","og_image":[{"width":1390,"height":654,"url":"https:\/\/www.mischitz.at\/wp-content\/uploads\/Logo-Mischitz-Media-Gross.webp","type":"image\/webp"}],"twitter_card":"summary_large_image","twitter_misc":{"Gesch\u00e4tzte Lesezeit":"3\u00a0Minuten"},"schema":{"@context":"https:\/\/schema.org","@graph":[{"@type":"WebPage","@id":"https:\/\/www.mischitz.at\/fotograf-klagenfurt\/kontakt\/impressum\/","url":"https:\/\/www.mischitz.at\/fotograf-klagenfurt\/kontakt\/impressum\/","name":"Impressum - Mischitz Media","isPartOf":{"@id":"https:\/\/www.mischitz.at\/fotograf-klagenfurt\/#website"},"primaryImageOfPage":{"@id":"https:\/\/www.mischitz.at\/fotograf-klagenfurt\/kontakt\/impressum\/#primaryimage"},"image":{"@id":"https:\/\/www.mischitz.at\/fotograf-klagenfurt\/kontakt\/impressum\/#primaryimage"},"thumbnailUrl":"https:\/\/www.mischitz.at\/wp-content\/uploads\/Wave-Profile-10.svg","datePublished":"2024-12-20T19:17:53+00:00","dateModified":"2025-02-16T19:44:56+00:00","description":"Impressum von Mischitz Media - Mischitz GmbH, Zedras 23, 9072 Ludmannsdorf, \u00d6sterreich, +43 676 6511432, office@mischitz.at.","breadcrumb":{"@id":"https:\/\/www.mischitz.at\/fotograf-klagenfurt\/kontakt\/impressum\/#breadcrumb"},"inLanguage":"de","potentialAction":[{"@type":"ReadAction","target":["https:\/\/www.mischitz.at\/fotograf-klagenfurt\/kontakt\/impressum\/"]}]},{"@type":"ImageObject","inLanguage":"de","@id":"https:\/\/www.mischitz.at\/fotograf-klagenfurt\/kontakt\/impressum\/#primaryimage","url":"https:\/\/www.mischitz.at\/wp-content\/uploads\/Wave-Profile-10.svg","contentUrl":"https:\/\/www.mischitz.at\/wp-content\/uploads\/Wave-Profile-10.svg"},{"@type":"BreadcrumbList","@id":"https:\/\/www.mischitz.at\/fotograf-klagenfurt\/kontakt\/impressum\/#breadcrumb","itemListElement":[{"@type":"ListItem","position":1,"name":"Startseite","item":"https:\/\/www.mischitz.at\/fotograf-klagenfurt\/"},{"@type":"ListItem","position":2,"name":"Kontakt - Mischitz Media","item":"https:\/\/www.mischitz.at\/fotograf-klagenfurt\/kontakt\/"},{"@type":"ListItem","position":3,"name":"Impressum - Mischitz Media"}]},{"@type":"WebSite","@id":"https:\/\/www.mischitz.at\/fotograf-klagenfurt\/#website","url":"https:\/\/www.mischitz.at\/fotograf-klagenfurt\/","name":"Mischitz Media - Dein Fotograf f\u00fcr Portr\u00e4ts in Klagenfurt","description":"","publisher":{"@id":"https:\/\/www.mischitz.at\/fotograf-klagenfurt\/#organization"},"potentialAction":[{"@type":"SearchAction","target":{"@type":"EntryPoint","urlTemplate":"https:\/\/www.mischitz.at\/fotograf-klagenfurt\/?s={search_term_string}"},"query-input":{"@type":"PropertyValueSpecification","valueRequired":true,"valueName":"search_term_string"}}],"inLanguage":"de"},{"@type":"Organization","@id":"https:\/\/www.mischitz.at\/fotograf-klagenfurt\/#organization","name":"Mischitz GmbH","url":"https:\/\/www.mischitz.at\/fotograf-klagenfurt\/","logo":{"@type":"ImageObject","inLanguage":"de","@id":"https:\/\/www.mischitz.at\/fotograf-klagenfurt\/#\/schema\/logo\/image\/","url":"","contentUrl":"","caption":"Mischitz GmbH"},"image":{"@id":"https:\/\/www.mischitz.at\/fotograf-klagenfurt\/#\/schema\/logo\/image\/"}}]}},"_links":{"self":[{"href":"https:\/\/www.mischitz.at\/fotograf-klagenfurt\/wp-json\/wp\/v2\/pages\/1201","targetHints":{"allow":["GET"]}}],"collection":[{"href":"https:\/\/www.mischitz.at\/fotograf-klagenfurt\/wp-json\/wp\/v2\/pages"}],"about":[{"href":"https:\/\/www.mischitz.at\/fotograf-klagenfurt\/wp-json\/wp\/v2\/types\/page"}],"author":[{"embeddable":true,"href":"https:\/\/www.mischitz.at\/fotograf-klagenfurt\/wp-json\/wp\/v2\/users\/1"}],"replies":[{"embeddable":true,"href":"https:\/\/www.mischitz.at\/fotograf-klagenfurt\/wp-json\/wp\/v2\/comments?post=1201"}],"version-history":[{"count":22,"href":"https:\/\/www.mischitz.at\/fotograf-klagenfurt\/wp-json\/wp\/v2\/pages\/1201\/revisions"}],"predecessor-version":[{"id":2963,"href":"https:\/\/www.mischitz.at\/fotograf-klagenfurt\/wp-json\/wp\/v2\/pages\/1201\/revisions\/2963"}],"up":[{"embeddable":true,"href":"https:\/\/www.mischitz.at\/fotograf-klagenfurt\/wp-json\/wp\/v2\/pages\/1198"}],"wp:attachment":[{"href":"https:\/\/www.mischitz.at\/fotograf-klagenfurt\/wp-json\/wp\/v2\/media?parent=1201"}],"curies":[{"name":"wp","href":"https:\/\/api.w.org\/{rel}","templated":true}]}}